{"id":755,"date":"2024-02-23T14:40:53","date_gmt":"2024-02-23T13:40:53","guid":{"rendered":"http:\/\/collectif-enfance-jeunesse01.fr\/?page_id=755"},"modified":"2026-03-30T16:32:17","modified_gmt":"2026-03-30T14:32:17","slug":"edition-2025","status":"publish","type":"page","link":"https:\/\/collectif-enfance-jeunesse01.fr\/?page_id=755","title":{"rendered":"\u00c9dition 2025"},"content":{"rendered":"\t\t<div data-elementor-type=\"wp-page\" data-elementor-id=\"755\" class=\"elementor elementor-755\">\n\t\t\t\t\t\t<div class=\"elementor-inner\">\n\t\t\t\t<div class=\"elementor-section-wrap\">\n\t\t\t\t\t\t\t\t\t<section class=\"elementor-section elementor-top-section elementor-element elementor-element-8326a82 elementor-section-boxed elementor-section-height-default elementor-section-height-default\" data-id=\"8326a82\" data-element_type=\"section\">\n\t\t\t\t\t\t<div class=\"elementor-container elementor-column-gap-default\">\n\t\t\t\t\t\t\t<div class=\"elementor-row\">\n\t\t\t\t\t<div class=\"elementor-column elementor-col-100 elementor-top-column elementor-element elementor-element-464b16e\" data-id=\"464b16e\" data-element_type=\"column\">\n\t\t\t<div class=\"elementor-column-wrap elementor-element-populated\">\n\t\t\t\t\t\t\t<div class=\"elementor-widget-wrap\">\n\t\t\t\t\t\t<div class=\"elementor-element elementor-element-6196a9c elementor-widget elementor-widget-image\" data-id=\"6196a9c\" data-element_type=\"widget\" data-widget_type=\"image.default\">\n\t\t\t\t<div class=\"elementor-widget-container\">\n\t\t\t\t\t\t\t\t<div class=\"elementor-image\">\n\t\t\t\t\t\t\t\t\t\t\t\t<img width=\"595\" height=\"842\" src=\"https:\/\/collectif-enfance-jeunesse01.fr\/wp-content\/uploads\/2026\/03\/Proposition-3.jpg\" class=\"attachment-medium_large size-medium_large wp-image-870\" alt=\"\" srcset=\"https:\/\/collectif-enfance-jeunesse01.fr\/wp-content\/uploads\/2026\/03\/Proposition-3.jpg 595w, https:\/\/collectif-enfance-jeunesse01.fr\/wp-content\/uploads\/2026\/03\/Proposition-3-212x300.jpg 212w, https:\/\/collectif-enfance-jeunesse01.fr\/wp-content\/uploads\/2026\/03\/Proposition-3-42x60.jpg 42w\" sizes=\"(max-width: 595px) 100vw, 595px\" \/>\t\t\t\t\t\t\t\t\t\t\t\t\t\t<\/div>\n\t\t\t\t\t\t<\/div>\n\t\t\t\t<\/div>\n\t\t\t\t\t\t<\/div>\n\t\t\t\t\t<\/div>\n\t\t<\/div>\n\t\t\t\t\t\t\t\t<\/div>\n\t\t\t\t\t<\/div>\n\t\t<\/section>\n\t\t\t\t<section class=\"elementor-section elementor-top-section elementor-element elementor-element-9d13723 elementor-section-boxed elementor-section-height-default elementor-section-height-default\" data-id=\"9d13723\" data-element_type=\"section\">\n\t\t\t\t\t\t<div class=\"elementor-container elementor-column-gap-default\">\n\t\t\t\t\t\t\t<div class=\"elementor-row\">\n\t\t\t\t\t<div class=\"elementor-column elementor-col-100 elementor-top-column elementor-element elementor-element-15d1452\" data-id=\"15d1452\" data-element_type=\"column\">\n\t\t\t<div class=\"elementor-column-wrap elementor-element-populated\">\n\t\t\t\t\t\t\t<div class=\"elementor-widget-wrap\">\n\t\t\t\t\t\t<div class=\"elementor-element elementor-element-20542ff elementor-widget elementor-widget-text-editor\" data-id=\"20542ff\" data-element_type=\"widget\" data-widget_type=\"text-editor.default\">\n\t\t\t\t<div class=\"elementor-widget-container\">\n\t\t\t\t\t\t\t\t<div class=\"elementor-text-editor elementor-clearfix\">\n\t\t\t\t\t\t\t\t\t<\/div>\n\t\t\t\t\t\t<\/div>\n\t\t\t\t<\/div>\n\t\t\t\t\t\t<\/div>\n\t\t\t\t\t<\/div>\n\t\t<\/div>\n\t\t\t\t\t\t\t\t<\/div>\n\t\t\t\t\t<\/div>\n\t\t<\/section>\n\t\t\t\t<section class=\"elementor-section elementor-top-section elementor-element elementor-element-ef45d25 elementor-section-boxed elementor-section-height-default elementor-section-height-default\" data-id=\"ef45d25\" data-element_type=\"section\">\n\t\t\t\t\t\t<div class=\"elementor-container elementor-column-gap-default\">\n\t\t\t\t\t\t\t<div class=\"elementor-row\">\n\t\t\t\t\t<div class=\"elementor-column elementor-col-100 elementor-top-column elementor-element elementor-element-2cd4ffc\" data-id=\"2cd4ffc\" data-element_type=\"column\">\n\t\t\t<div class=\"elementor-column-wrap elementor-element-populated\">\n\t\t\t\t\t\t\t<div class=\"elementor-widget-wrap\">\n\t\t\t\t\t\t<div class=\"elementor-element elementor-element-48c41a4 elementor-widget elementor-widget-text-editor\" data-id=\"48c41a4\" data-element_type=\"widget\" data-widget_type=\"text-editor.default\">\n\t\t\t\t<div class=\"elementor-widget-container\">\n\t\t\t\t\t\t\t\t<div class=\"elementor-text-editor elementor-clearfix\">\n\t\t\t\t<h4 style=\"text-align: center;\"><span style=\"color: #000000;\"><strong>L&#8217;\u00e9dition du 4\u00e8me festival H\u00e9rissons-Nous a eu lieu <\/strong><\/span><\/h4><h4 style=\"text-align: center;\"><span style=\"color: #000000;\"><strong>du 8 f\u00e9vrier au 22 mars 2025 <\/strong><\/span><\/h4><h4 style=\"text-align: center;\"><span style=\"color: #000000;\"><strong>dans tous le d\u00e9partement de l&#8217;Ain.<\/strong><\/span><\/h4>\t\t\t\t\t<\/div>\n\t\t\t\t\t\t<\/div>\n\t\t\t\t<\/div>\n\t\t\t\t\t\t<\/div>\n\t\t\t\t\t<\/div>\n\t\t<\/div>\n\t\t\t\t\t\t\t\t<\/div>\n\t\t\t\t\t<\/div>\n\t\t<\/section>\n\t\t\t\t<section class=\"elementor-section elementor-top-section elementor-element elementor-element-71f6428 elementor-section-boxed elementor-section-height-default elementor-section-height-default\" data-id=\"71f6428\" data-element_type=\"section\">\n\t\t\t\t\t\t<div class=\"elementor-container elementor-column-gap-default\">\n\t\t\t\t\t\t\t<div class=\"elementor-row\">\n\t\t\t\t\t<div class=\"elementor-column elementor-col-100 elementor-top-column elementor-element elementor-element-f48f365\" data-id=\"f48f365\" data-element_type=\"column\">\n\t\t\t<div class=\"elementor-column-wrap elementor-element-populated\">\n\t\t\t\t\t\t\t<div class=\"elementor-widget-wrap\">\n\t\t\t\t\t\t<div class=\"elementor-element elementor-element-68dfe6f elementor-widget elementor-widget-text-editor\" data-id=\"68dfe6f\" data-element_type=\"widget\" data-widget_type=\"text-editor.default\">\n\t\t\t\t<div class=\"elementor-widget-container\">\n\t\t\t\t\t\t\t\t<div class=\"elementor-text-editor elementor-clearfix\">\n\t\t\t\t<p><span style=\"color: #000000;\">Retrouvez le bilan du festival <\/span><span style=\"color: #008000;\"><a style=\"color: #008000;\" href=\"https:\/\/drive.google.com\/file\/d\/1vr7rljKuYapxMnNAzM7aor0QPtKWnvmN\/view?usp=drive_link\">juste ici<\/a>\u00a0<\/span><span style=\"color: #000000;\">!<\/span><\/p><p><span style=\"color: #000000;\">La 5\u00e8me \u00e9dition se pr\u00e9pare, restez connect\u00e9\u00b7es&#8230;<\/span><\/p>\t\t\t\t\t<\/div>\n\t\t\t\t\t\t<\/div>\n\t\t\t\t<\/div>\n\t\t\t\t\t\t<\/div>\n\t\t\t\t\t<\/div>\n\t\t<\/div>\n\t\t\t\t\t\t\t\t<\/div>\n\t\t\t\t\t<\/div>\n\t\t<\/section>\n\t\t\t\t<section class=\"elementor-section elementor-top-section elementor-element elementor-element-ea5c170 elementor-section-boxed elementor-section-height-default elementor-section-height-default\" data-id=\"ea5c170\" data-element_type=\"section\">\n\t\t\t\t\t\t<div class=\"elementor-container elementor-column-gap-default\">\n\t\t\t\t\t\t\t<div class=\"elementor-row\">\n\t\t\t\t\t<div class=\"elementor-column elementor-col-100 elementor-top-column elementor-element elementor-element-51674bd\" data-id=\"51674bd\" data-element_type=\"column\">\n\t\t\t<div class=\"elementor-column-wrap elementor-element-populated\">\n\t\t\t\t\t\t\t<div class=\"elementor-widget-wrap\">\n\t\t\t\t\t\t<div class=\"elementor-element elementor-element-654310e elementor-widget elementor-widget-image\" data-id=\"654310e\" data-element_type=\"widget\" data-widget_type=\"image.default\">\n\t\t\t\t<div class=\"elementor-widget-container\">\n\t\t\t\t\t\t\t\t<div class=\"elementor-image\">\n\t\t\t\t\t\t\t\t\t\t\t\t<img width=\"790\" height=\"559\" src=\"https:\/\/collectif-enfance-jeunesse01.fr\/wp-content\/uploads\/2026\/03\/carte-1024x724.jpg\" class=\"attachment-large size-large wp-image-875\" alt=\"\" srcset=\"https:\/\/collectif-enfance-jeunesse01.fr\/wp-content\/uploads\/2026\/03\/carte-1024x724.jpg 1024w, https:\/\/collectif-enfance-jeunesse01.fr\/wp-content\/uploads\/2026\/03\/carte-300x212.jpg 300w, https:\/\/collectif-enfance-jeunesse01.fr\/wp-content\/uploads\/2026\/03\/carte-768x543.jpg 768w, https:\/\/collectif-enfance-jeunesse01.fr\/wp-content\/uploads\/2026\/03\/carte-1536x1086.jpg 1536w, https:\/\/collectif-enfance-jeunesse01.fr\/wp-content\/uploads\/2026\/03\/carte-2048x1448.jpg 2048w, https:\/\/collectif-enfance-jeunesse01.fr\/wp-content\/uploads\/2026\/03\/carte-85x60.jpg 85w\" sizes=\"(max-width: 790px) 100vw, 790px\" \/>\t\t\t\t\t\t\t\t\t\t\t\t\t\t<\/div>\n\t\t\t\t\t\t<\/div>\n\t\t\t\t<\/div>\n\t\t\t\t\t\t<\/div>\n\t\t\t\t\t<\/div>\n\t\t<\/div>\n\t\t\t\t\t\t\t\t<\/div>\n\t\t\t\t\t<\/div>\n\t\t<\/section>\n\t\t\t\t<section class=\"elementor-section elementor-top-section elementor-element elementor-element-3c20963 elementor-section-boxed elementor-section-height-default elementor-section-height-default\" data-id=\"3c20963\" data-element_type=\"section\">\n\t\t\t\t\t\t<div class=\"elementor-container elementor-column-gap-default\">\n\t\t\t\t\t\t\t<div class=\"elementor-row\">\n\t\t\t\t\t<div class=\"elementor-column elementor-col-100 elementor-top-column elementor-element elementor-element-04abc9a\" data-id=\"04abc9a\" data-element_type=\"column\">\n\t\t\t<div class=\"elementor-column-wrap\">\n\t\t\t\t\t\t\t<div class=\"elementor-widget-wrap\">\n\t\t\t\t\t\t\t\t<\/div>\n\t\t\t\t\t<\/div>\n\t\t<\/div>\n\t\t\t\t\t\t\t\t<\/div>\n\t\t\t\t\t<\/div>\n\t\t<\/section>\n\t\t\t\t<section class=\"elementor-section elementor-top-section elementor-element elementor-element-be9539a elementor-section-boxed elementor-section-height-default elementor-section-height-default\" data-id=\"be9539a\" data-element_type=\"section\">\n\t\t\t\t\t\t<div class=\"elementor-container elementor-column-gap-default\">\n\t\t\t\t\t\t\t<div class=\"elementor-row\">\n\t\t\t\t\t<div class=\"elementor-column elementor-col-100 elementor-top-column elementor-element elementor-element-f3a44b5\" data-id=\"f3a44b5\" data-element_type=\"column\">\n\t\t\t<div class=\"elementor-column-wrap elementor-element-populated\">\n\t\t\t\t\t\t\t<div class=\"elementor-widget-wrap\">\n\t\t\t\t\t\t<div class=\"elementor-element elementor-element-55f5387 elementor-arrows-position-inside elementor-pagination-position-outside elementor-widget elementor-widget-image-carousel\" data-id=\"55f5387\" data-element_type=\"widget\" data-settings=\"{&quot;navigation&quot;:&quot;both&quot;,&quot;autoplay&quot;:&quot;yes&quot;,&quot;pause_on_hover&quot;:&quot;yes&quot;,&quot;pause_on_interaction&quot;:&quot;yes&quot;,&quot;autoplay_speed&quot;:5000,&quot;infinite&quot;:&quot;yes&quot;,&quot;speed&quot;:500}\" data-widget_type=\"image-carousel.default\">\n\t\t\t\t<div class=\"elementor-widget-container\">\n\t\t\t\t\t<div class=\"elementor-image-carousel-wrapper swiper-container\" dir=\"ltr\">\n\t\t\t<div class=\"elementor-image-carousel swiper-wrapper\">\n\t\t\t\t\t\t\t\t<div class=\"swiper-slide\"><figure class=\"swiper-slide-inner\"><img class=\"swiper-slide-image\" src=\"https:\/\/collectif-enfance-jeunesse01.fr\/wp-content\/uploads\/2026\/03\/Passaros_CRR@Robin-Masquilier_2-1024x1024.jpg\" alt=\"Passaros_CRR@Robin Masquilier_2\" \/><\/figure><\/div><div class=\"swiper-slide\"><figure class=\"swiper-slide-inner\"><img class=\"swiper-slide-image\" src=\"https:\/\/collectif-enfance-jeunesse01.fr\/wp-content\/uploads\/2026\/03\/ARNICA_SN6-1024x1024.jpg\" alt=\"ARNICA_SN6\" \/><\/figure><\/div><div class=\"swiper-slide\"><figure class=\"swiper-slide-inner\"><img class=\"swiper-slide-image\" src=\"https:\/\/collectif-enfance-jeunesse01.fr\/wp-content\/uploads\/2026\/03\/COUAC_Chatillons_Chalaronne4-1024x1024.jpg\" alt=\"COUAC_Chatillons_Chalaronne4\" \/><\/figure><\/div><div class=\"swiper-slide\"><figure class=\"swiper-slide-inner\"><img class=\"swiper-slide-image\" src=\"https:\/\/collectif-enfance-jeunesse01.fr\/wp-content\/uploads\/2026\/03\/C_estc\u0327aquiestc\u0327a_SN-1024x1024.jpg\" alt=\"C_estc\u0327aquiestc\u0327a_SN\" \/><\/figure><\/div><div class=\"swiper-slide\"><figure class=\"swiper-slide-inner\"><img class=\"swiper-slide-image\" src=\"https:\/\/collectif-enfance-jeunesse01.fr\/wp-content\/uploads\/2026\/03\/AurelieLoiseau_CSLeLavoir2-1024x1024.jpg\" alt=\"AurelieLoiseau_CSLeLavoir2\" \/><\/figure><\/div><div class=\"swiper-slide\"><figure class=\"swiper-slide-inner\"><img class=\"swiper-slide-image\" src=\"https:\/\/collectif-enfance-jeunesse01.fr\/wp-content\/uploads\/2026\/03\/ARNICA_SN4-1024x1024.jpg\" alt=\"ARNICA_SN4\" \/><\/figure><\/div><div class=\"swiper-slide\"><figure class=\"swiper-slide-inner\"><img class=\"swiper-slide-image\" src=\"https:\/\/collectif-enfance-jeunesse01.fr\/wp-content\/uploads\/2026\/03\/Anidar_Chatillons_Chalaronne5-1024x1024.jpg\" alt=\"Anidar_Chatillons_Chalaronne5\" \/><\/figure><\/div><div class=\"swiper-slide\"><figure class=\"swiper-slide-inner\"><img class=\"swiper-slide-image\" src=\"https:\/\/collectif-enfance-jeunesse01.fr\/wp-content\/uploads\/2026\/03\/Passaros_StGenisPouilly2-1024x1024.jpg\" alt=\"Passaros_StGenisPouilly2\" \/><\/figure><\/div>\t\t\t<\/div>\n\t\t\t\t\t\t\t\t\t\t\t\t<div class=\"swiper-pagination\"><\/div>\n\t\t\t\t\t\t\t\t\t\t\t\t\t<div class=\"elementor-swiper-button elementor-swiper-button-prev\">\n\t\t\t\t\t\t<i aria-hidden=\"true\" class=\"eicon-chevron-left\"><\/i>\t\t\t\t\t\t<span class=\"elementor-screen-only\">Pr\u00e9c\u00e9dent<\/span>\n\t\t\t\t\t<\/div>\n\t\t\t\t\t<div class=\"elementor-swiper-button elementor-swiper-button-next\">\n\t\t\t\t\t\t<i aria-hidden=\"true\" class=\"eicon-chevron-right\"><\/i>\t\t\t\t\t\t<span class=\"elementor-screen-only\">Suivant<\/span>\n\t\t\t\t\t<\/div>\n\t\t\t\t\t\t\t\t\t<\/div>\n\t\t\t\t<\/div>\n\t\t\t\t<\/div>\n\t\t\t\t\t\t<\/div>\n\t\t\t\t\t<\/div>\n\t\t<\/div>\n\t\t\t\t\t\t\t\t<\/div>\n\t\t\t\t\t<\/div>\n\t\t<\/section>\n\t\t\t\t\t\t\t\t\t<\/div>\n\t\t\t<\/div>\n\t\t\t\t\t<\/div>\n\t\t","protected":false},"excerpt":{"rendered":"<p>L&#8217;\u00e9dition du 4\u00e8me festival H\u00e9rissons-Nous a eu lieu du 8 &hellip; <\/p>\n","protected":false},"author":1,"featured_media":0,"parent":0,"menu_order":0,"comment_status":"closed","ping_status":"closed","template":"","meta":{"_bbp_topic_count":0,"_bbp_reply_count":0,"_bbp_total_topic_count":0,"_bbp_total_reply_count":0,"_bbp_voice_count":0,"_bbp_anonymous_reply_count":0,"_bbp_topic_count_hidden":0,"_bbp_reply_count_hidden":0,"_bbp_forum_subforum_count":0},"yoast_head":"<!-- This site is optimized with the Yoast SEO plugin v18.0 - https:\/\/yoast.com\/wordpress\/plugins\/seo\/ -->\n<title>\u00c9dition 2025 - Collectif culture pour l&#039;enfance et la jeunesse de l&#039;ain<\/title>\n<meta name=\"robots\" content=\"index, follow, max-snippet:-1, max-image-preview:large, max-video-preview:-1\" \/>\n<link rel=\"canonical\" href=\"https:\/\/collectif-enfance-jeunesse01.fr\/?page_id=755\" \/>\n<meta property=\"og:locale\" content=\"fr_FR\" \/>\n<meta property=\"og:type\" content=\"article\" \/>\n<meta property=\"og:title\" content=\"\u00c9dition 2025 - Collectif culture pour l&#039;enfance et la jeunesse de l&#039;ain\" \/>\n<meta property=\"og:description\" content=\"L&#8217;\u00e9dition du 4\u00e8me festival H\u00e9rissons-Nous a eu lieu du 8 &hellip;\" \/>\n<meta property=\"og:url\" content=\"https:\/\/collectif-enfance-jeunesse01.fr\/?page_id=755\" \/>\n<meta property=\"og:site_name\" content=\"Collectif culture pour l&#039;enfance et la jeunesse de l&#039;ain\" \/>\n<meta property=\"article:modified_time\" content=\"2026-03-30T14:32:17+00:00\" \/>\n<meta property=\"og:image\" content=\"http:\/\/collectif-enfance-jeunesse01.fr\/wp-content\/uploads\/2026\/03\/Proposition-3.jpg\" \/>\n<meta name=\"twitter:card\" content=\"summary_large_image\" \/>\n<meta name=\"twitter:label1\" content=\"Dur\u00e9e de lecture estim\u00e9e\" \/>\n\t<meta name=\"twitter:data1\" content=\"4 minutes\" \/>\n<script type=\"application\/ld+json\" class=\"yoast-schema-graph\">{\"@context\":\"https:\/\/schema.org\",\"@graph\":[{\"@type\":\"WebSite\",\"@id\":\"https:\/\/collectif-enfance-jeunesse01.fr\/#website\",\"url\":\"https:\/\/collectif-enfance-jeunesse01.fr\/\",\"name\":\"Collectif culture pour l&#039;enfance et la jeunesse de l&#039;ain\",\"description\":\"\",\"potentialAction\":[{\"@type\":\"SearchAction\",\"target\":{\"@type\":\"EntryPoint\",\"urlTemplate\":\"https:\/\/collectif-enfance-jeunesse01.fr\/?s={search_term_string}\"},\"query-input\":\"required name=search_term_string\"}],\"inLanguage\":\"fr-FR\"},{\"@type\":\"ImageObject\",\"@id\":\"https:\/\/collectif-enfance-jeunesse01.fr\/?page_id=755#primaryimage\",\"inLanguage\":\"fr-FR\",\"url\":\"http:\/\/collectif-enfance-jeunesse01.fr\/wp-content\/uploads\/2026\/03\/Proposition-3.jpg\",\"contentUrl\":\"http:\/\/collectif-enfance-jeunesse01.fr\/wp-content\/uploads\/2026\/03\/Proposition-3.jpg\"},{\"@type\":\"WebPage\",\"@id\":\"https:\/\/collectif-enfance-jeunesse01.fr\/?page_id=755#webpage\",\"url\":\"https:\/\/collectif-enfance-jeunesse01.fr\/?page_id=755\",\"name\":\"\u00c9dition 2025 - Collectif culture pour l&#039;enfance et la jeunesse de l&#039;ain\",\"isPartOf\":{\"@id\":\"https:\/\/collectif-enfance-jeunesse01.fr\/#website\"},\"primaryImageOfPage\":{\"@id\":\"https:\/\/collectif-enfance-jeunesse01.fr\/?page_id=755#primaryimage\"},\"datePublished\":\"2024-02-23T13:40:53+00:00\",\"dateModified\":\"2026-03-30T14:32:17+00:00\",\"breadcrumb\":{\"@id\":\"https:\/\/collectif-enfance-jeunesse01.fr\/?page_id=755#breadcrumb\"},\"inLanguage\":\"fr-FR\",\"potentialAction\":[{\"@type\":\"ReadAction\",\"target\":[\"https:\/\/collectif-enfance-jeunesse01.fr\/?page_id=755\"]}]},{\"@type\":\"BreadcrumbList\",\"@id\":\"https:\/\/collectif-enfance-jeunesse01.fr\/?page_id=755#breadcrumb\",\"itemListElement\":[{\"@type\":\"ListItem\",\"position\":1,\"name\":\"Accueil\",\"item\":\"https:\/\/collectif-enfance-jeunesse01.fr\/\"},{\"@type\":\"ListItem\",\"position\":2,\"name\":\"\u00c9dition 2025\"}]}]}<\/script>\n<!-- \/ Yoast SEO plugin. -->","yoast_head_json":{"title":"\u00c9dition 2025 - Collectif culture pour l&#039;enfance et la jeunesse de l&#039;ain","robots":{"index":"index","follow":"follow","max-snippet":"max-snippet:-1","max-image-preview":"max-image-preview:large","max-video-preview":"max-video-preview:-1"},"canonical":"https:\/\/collectif-enfance-jeunesse01.fr\/?page_id=755","og_locale":"fr_FR","og_type":"article","og_title":"\u00c9dition 2025 - Collectif culture pour l&#039;enfance et la jeunesse de l&#039;ain","og_description":"L&#8217;\u00e9dition du 4\u00e8me festival H\u00e9rissons-Nous a eu lieu du 8 &hellip;","og_url":"https:\/\/collectif-enfance-jeunesse01.fr\/?page_id=755","og_site_name":"Collectif culture pour l&#039;enfance et la jeunesse de l&#039;ain","article_modified_time":"2026-03-30T14:32:17+00:00","og_image":[{"url":"http:\/\/collectif-enfance-jeunesse01.fr\/wp-content\/uploads\/2026\/03\/Proposition-3.jpg"}],"twitter_card":"summary_large_image","twitter_misc":{"Dur\u00e9e de lecture estim\u00e9e":"4 minutes"},"schema":{"@context":"https:\/\/schema.org","@graph":[{"@type":"WebSite","@id":"https:\/\/collectif-enfance-jeunesse01.fr\/#website","url":"https:\/\/collectif-enfance-jeunesse01.fr\/","name":"Collectif culture pour l&#039;enfance et la jeunesse de l&#039;ain","description":"","potentialAction":[{"@type":"SearchAction","target":{"@type":"EntryPoint","urlTemplate":"https:\/\/collectif-enfance-jeunesse01.fr\/?s={search_term_string}"},"query-input":"required name=search_term_string"}],"inLanguage":"fr-FR"},{"@type":"ImageObject","@id":"https:\/\/collectif-enfance-jeunesse01.fr\/?page_id=755#primaryimage","inLanguage":"fr-FR","url":"http:\/\/collectif-enfance-jeunesse01.fr\/wp-content\/uploads\/2026\/03\/Proposition-3.jpg","contentUrl":"http:\/\/collectif-enfance-jeunesse01.fr\/wp-content\/uploads\/2026\/03\/Proposition-3.jpg"},{"@type":"WebPage","@id":"https:\/\/collectif-enfance-jeunesse01.fr\/?page_id=755#webpage","url":"https:\/\/collectif-enfance-jeunesse01.fr\/?page_id=755","name":"\u00c9dition 2025 - Collectif culture pour l&#039;enfance et la jeunesse de l&#039;ain","isPartOf":{"@id":"https:\/\/collectif-enfance-jeunesse01.fr\/#website"},"primaryImageOfPage":{"@id":"https:\/\/collectif-enfance-jeunesse01.fr\/?page_id=755#primaryimage"},"datePublished":"2024-02-23T13:40:53+00:00","dateModified":"2026-03-30T14:32:17+00:00","breadcrumb":{"@id":"https:\/\/collectif-enfance-jeunesse01.fr\/?page_id=755#breadcrumb"},"inLanguage":"fr-FR","potentialAction":[{"@type":"ReadAction","target":["https:\/\/collectif-enfance-jeunesse01.fr\/?page_id=755"]}]},{"@type":"BreadcrumbList","@id":"https:\/\/collectif-enfance-jeunesse01.fr\/?page_id=755#breadcrumb","itemListElement":[{"@type":"ListItem","position":1,"name":"Accueil","item":"https:\/\/collectif-enfance-jeunesse01.fr\/"},{"@type":"ListItem","position":2,"name":"\u00c9dition 2025"}]}]}},"_links":{"self":[{"href":"https:\/\/collectif-enfance-jeunesse01.fr\/index.php?rest_route=\/wp\/v2\/pages\/755"}],"collection":[{"href":"https:\/\/collectif-enfance-jeunesse01.fr\/index.php?rest_route=\/wp\/v2\/pages"}],"about":[{"href":"https:\/\/collectif-enfance-jeunesse01.fr\/index.php?rest_route=\/wp\/v2\/types\/page"}],"author":[{"embeddable":true,"href":"https:\/\/collectif-enfance-jeunesse01.fr\/index.php?rest_route=\/wp\/v2\/users\/1"}],"replies":[{"embeddable":true,"href":"https:\/\/collectif-enfance-jeunesse01.fr\/index.php?rest_route=%2Fwp%2Fv2%2Fcomments&post=755"}],"version-history":[{"count":38,"href":"https:\/\/collectif-enfance-jeunesse01.fr\/index.php?rest_route=\/wp\/v2\/pages\/755\/revisions"}],"predecessor-version":[{"id":892,"href":"https:\/\/collectif-enfance-jeunesse01.fr\/index.php?rest_route=\/wp\/v2\/pages\/755\/revisions\/892"}],"wp:attachment":[{"href":"https:\/\/collectif-enfance-jeunesse01.fr\/index.php?rest_route=%2Fwp%2Fv2%2Fmedia&parent=755"}],"curies":[{"name":"wp","href":"https:\/\/api.w.org\/{rel}","templated":true}]}}